{"id":9031,"date":"2025-01-03T11:11:43","date_gmt":"2025-01-03T10:11:43","guid":{"rendered":"https:\/\/czecrin.cz\/about-us\/events\/"},"modified":"2026-08-18T14:15:53","modified_gmt":"2026-08-18T12:15:53","slug":"events","status":"publish","type":"page","link":"https:\/\/czecrin.cz\/en\/news\/events\/","title":{"rendered":"Events"},"content":{"rendered":"<p>[et_pb_section fb_built=&#8221;1&#8243; custom_padding_last_edited=&#8221;on|desktop&#8221; next_background_color=&#8221;#ffffff&#8221; admin_label=&#8221;Header&#8221; _builder_version=&#8221;4.27.4&#8243; background_image=&#8221;https:\/\/czecrin.cz\/wp-content\/uploads\/2026\/01\/Univerzalni-pozadi-scaled.jpg&#8221; background_position=&#8221;top_center&#8221; custom_padding=&#8221;7vw||10vw||false|false&#8221; custom_padding_tablet=&#8221;100px||100px||true&#8221; custom_padding_phone=&#8221;||||true&#8221; bottom_divider_style=&#8221;ramp2&#8243; bottom_divider_height=&#8221;250px&#8221; bottom_divider_flip=&#8221;horizontal&#8221; bottom_divider_height_tablet=&#8221;150px&#8221; bottom_divider_height_phone=&#8221;110px&#8221; bottom_divider_height_last_edited=&#8221;on|phone&#8221; saved_tabs=&#8221;all&#8221; global_colors_info=&#8221;{}&#8221;][et_pb_row _builder_version=&#8221;4.16&#8243; global_colors_info=&#8221;{}&#8221;][et_pb_column type=&#8221;4_4&#8243; _builder_version=&#8221;4.16&#8243; custom_padding=&#8221;|||&#8221; global_colors_info=&#8221;{}&#8221; custom_padding__hover=&#8221;|||&#8221;][et_pb_text _builder_version=&#8221;4.16&#8243; text_font=&#8221;Roboto||||||||&#8221; text_font_size=&#8221;16px&#8221; text_line_height=&#8221;1.8em&#8221; header_font=&#8221;Roboto|700|||||||&#8221; header_text_align=&#8221;center&#8221; header_font_size=&#8221;80px&#8221; header_line_height=&#8221;1.2em&#8221; header_3_font=&#8221;Roboto|700||on|||||&#8221; header_3_text_align=&#8221;center&#8221; header_3_text_color=&#8221;#ffffff&#8221; header_3_font_size=&#8221;24px&#8221; header_3_letter_spacing=&#8221;10px&#8221; header_3_line_height=&#8221;2em&#8221; text_orientation=&#8221;center&#8221; background_layout=&#8221;dark&#8221; module_alignment=&#8221;center&#8221; text_font_size_last_edited=&#8221;off|desktop&#8221; header_font_size_tablet=&#8221;40px&#8221; header_font_size_phone=&#8221;32px&#8221; header_font_size_last_edited=&#8221;on|phone&#8221; header_3_font_size_tablet=&#8221;16px&#8221; header_3_font_size_phone=&#8221;14px&#8221; header_3_font_size_last_edited=&#8221;on|phone&#8221; header_3_letter_spacing_tablet=&#8221;5px&#8221; header_3_letter_spacing_phone=&#8221;&#8221; header_3_letter_spacing_last_edited=&#8221;on|tablet&#8221; global_colors_info=&#8221;{}&#8221;]<\/p>\n<h3>hosted by<\/h3>\n<h1>Events<\/h1>\n<p>&nbsp;<\/p>\n<p>[\/et_pb_text][et_pb_text _builder_version=&#8221;4.27.4&#8243; text_font=&#8221;||||||||&#8221; text_font_size=&#8221;20px&#8221; ul_font=&#8221;||||||||&#8221; header_font=&#8221;Roboto|700|||||||&#8221; header_text_align=&#8221;center&#8221; header_font_size=&#8221;80px&#8221; header_line_height=&#8221;1.2em&#8221; header_3_font=&#8221;Roboto|700||on|||||&#8221; header_3_text_align=&#8221;center&#8221; header_3_text_color=&#8221;#ffffff&#8221; header_3_font_size=&#8221;24px&#8221; header_3_letter_spacing=&#8221;10px&#8221; header_3_line_height=&#8221;2em&#8221; text_orientation=&#8221;center&#8221; background_layout=&#8221;dark&#8221; max_width=&#8221;800px&#8221; module_alignment=&#8221;center&#8221; custom_margin=&#8221;||55px|||&#8221; text_font_size_last_edited=&#8221;off|desktop&#8221; header_font_size_tablet=&#8221;40px&#8221; header_font_size_phone=&#8221;32px&#8221; header_font_size_last_edited=&#8221;on|phone&#8221; header_3_font_size_tablet=&#8221;16px&#8221; header_3_font_size_phone=&#8221;14px&#8221; header_3_font_size_last_edited=&#8221;on|phone&#8221; header_3_letter_spacing_tablet=&#8221;5px&#8221; header_3_letter_spacing_phone=&#8221;&#8221; header_3_letter_spacing_last_edited=&#8221;on|tablet&#8221; global_colors_info=&#8221;{}&#8221;]<\/p>\n<p>We meet with researchers, doctors and other experts across the Czech Republic. Our events support the sharing of experiences, the development of clinical research and the building of national collaborations. <\/p>\n<p>[\/et_pb_text][et_pb_button button_url=&#8221;#materialy_akce&#8221; button_text=&#8221;Materials from events&#8221; _builder_version=&#8221;4.27.4&#8243; _module_preset=&#8221;a35ad2ce-7b5d-4e13-8f49-86cb6a47ddbd&#8221; global_colors_info=&#8221;{}&#8221;][\/et_pb_button][\/et_pb_column][\/et_pb_row][\/et_pb_section][et_pb_section fb_built=&#8221;1&#8243; _builder_version=&#8221;4.27.4&#8243; _module_preset=&#8221;default&#8221; global_colors_info=&#8221;{}&#8221;][et_pb_row _builder_version=&#8221;4.27.6&#8243; _module_preset=&#8221;default&#8221; custom_margin=&#8221;-34px|auto||auto||&#8221; custom_padding=&#8221;41px|||||&#8221; global_colors_info=&#8221;{}&#8221;][et_pb_column type=&#8221;4_4&#8243; _builder_version=&#8221;4.27.6&#8243; _module_preset=&#8221;default&#8221; global_colors_info=&#8221;{}&#8221;][et_pb_heading title=&#8221;Upcoming Events&#8221; _builder_version=&#8221;4.27.4&#8243; _module_preset=&#8221;default&#8221; custom_margin=&#8221;10px|||||&#8221; locked=&#8221;off&#8221; global_colors_info=&#8221;{}&#8221;][\/et_pb_heading][et_pb_code _builder_version=&#8221;4.27.6&#8243; _module_preset=&#8221;default&#8221; global_colors_info=&#8221;{}&#8221; custom_margin=&#8221;38px|||||&#8221;]<!----- Events list Template 2.6.5 -----><div id=\"ect-events-list-content\"><div id=\"list-wrp\" class=\"ect-list-wrapper all\"><div id=\"event-12260\" class=\"ect-list-post style-1 ect-simple-event future\"><div class=\"ect-list-post-left \">\n\t\t\t\t<div class=\"ect-list-img\" style=\"background-image:url(&#039;https:\/\/czecrin.cz\/wp-content\/uploads\/2026\/02\/image-9-1024x576.png&#039;);background-size:cover;\"><a href=\"https:\/\/czecrin.cz\/en\/event\/september-ix-national-meeting-of-study-nurses-and-clinical-trial-coordinators-2026\/\" alt=\"SEPTEMBER: 9th National Meeting of Clinical Research Nurses and Clinical Trial Coordinators 2026\" rel=\"bookmark\"><div class=\"ect-list-date\"><div class=\"ect-date-area default-schedule\"><span class=\"ev-day\">07<\/span>\n\t\t\t\t\t<span class=\"ev-mo\">September<\/span>\n\t\t\t\t\t<span class=\"ev-yr\">2026<\/span><\/div><\/div><\/a><div class=\"ect-share-wrapper\"><i class=\"ect-icon-share\"><\/i><div class=\"ect-social-share-list\"><a class=\"ect-share-link\" href=\"https:\/\/www.facebook.com\/sharer\/sharer.php?u=https%3A%2F%2Fczecrin.cz%2Fen%2Fevent%2Fseptember-ix-national-meeting-of-study-nurses-and-clinical-trial-coordinators-2026%2F\" target=\"_blank\" title=\"Facebook\"><i class=\"ect-icon-facebook\"><\/i><\/a><a class=\"ect-share-link\" href=\"https:\/\/twitter.com\/intent\/tweet?text=SEPTEMBER%3A%209th%20National%20Meeting%20of%20Clinical%20Research%20Nurses%20and%20Clinical%20Trial%20Coordinators%202026&amp;url=https%3A%2F%2Fczecrin.cz%2Fen%2Fevent%2Fseptember-ix-national-meeting-of-study-nurses-and-clinical-trial-coordinators-2026%2F\" target=\"_blank\" title=\"Twitter\"><i class=\"ect-icon-twitter\"><\/i><\/a><a class=\"ect-share-link\" href=\"http:\/\/www.linkedin.com\/shareArticle?mini=true&amp;url=https%3A%2F%2Fczecrin.cz%2Fen%2Fevent%2Fseptember-ix-national-meeting-of-study-nurses-and-clinical-trial-coordinators-2026%2F\" target=\"_blank\" title=\"Linkedin\"><i class=\"ect-icon-linkedin\"><\/i><\/a><a class=\"ect-email\" href=\"mailto:?Subject=SEPTEMBER%3A%209th%20National%20Meeting%20of%20Clinical%20Research%20Nurses%20and%20Clinical%20Trial%20Coordinators%202026&amp;Body=https%3A%2F%2Fczecrin.cz%2Fen%2Fevent%2Fseptember-ix-national-meeting-of-study-nurses-and-clinical-trial-coordinators-2026%2F\"><i class=\"ect-icon-mail\"><\/i><\/a><a class=\"ect-share-link\" href=\"https:\/\/web.whatsapp.com\/send\/?text=SEPTEMBER%3A%209th%20National%20Meeting%20of%20Clinical%20Research%20Nurses%20and%20Clinical%20Trial%20Coordinators%202026%20https%3A%2F%2Fczecrin.cz%2Fen%2Fevent%2Fseptember-ix-national-meeting-of-study-nurses-and-clinical-trial-coordinators-2026%2F\" target=\"_blank\" title=\"WhatsApp\"><i class=\"ect-icon-whatsapp\"><\/i><\/a><\/div><\/div><\/div><\/div><!-- left-post close --><div class=\"ect-list-post-right\">\n\t\t\t\t<div class=\"ect-list-post-right-table\"><div class=\"ect-list-description\"><h2 class=\"ect-list-title\"><a class=\"ect-event-url\" href=\"https:\/\/czecrin.cz\/en\/event\/september-ix-national-meeting-of-study-nurses-and-clinical-trial-coordinators-2026\/\" rel=\"bookmark\">SEPTEMBER: 9th National Meeting of Clinical Research Nurses and Clinical Trial Coordinators 2026<\/a><\/h2><!-- Event Content --><div class=\"ect-event-content\"><p>Time and Place \ud83d\udcc5 07.9. 2026 8:00 \u2013 08. 9. 2026 14:00\ud83d\udccdFaculty of Medicine, Masaryk University, Kamenice 5, 625 00 Brno, Czech Republic \ud83d\udcc7 Registration: CLOSED Registration is currently available [&hellip;]<\/p>\n<\/div><a href=\"https:\/\/czecrin.cz\/en\/event\/september-ix-national-meeting-of-study-nurses-and-clinical-trial-coordinators-2026\/\" class=\"ect-events-read-more\" rel=\"bookmark\">Info<\/a><\/div><div class=\"ect-list-venue default-venue\"><span class=\"ect-icon\"><i class=\"ect-icon-location\"><\/i><\/span><!-- Event Venue Info -->\n\t\t\t\t\t\t\t<span class=\"ect-venue-details ect-address\">\n\t\t\t\t\t\t\t<div>L\u00e9ka\u0159sk\u00e1 fakulta, Masarykova univerzita, Kamenice 5, 625 00 Brno, \u010cesk\u00e1 republika,<span class=\"tribe-address\">\n\n\n\n\n\n\n<\/span>\n<\/div><\/span><\/div><\/div><\/div><!-- right-wrapper close --><\/div><!-- event-loop-end --><div id=\"event-13242\" class=\"ect-list-post style-1 ect-simple-event future\"><div class=\"ect-list-post-left \">\n\t\t\t\t<div class=\"ect-list-img\" style=\"background-image:url(&#039;https:\/\/czecrin.cz\/wp-content\/uploads\/2026\/07\/Snimek-obrazovky-2026-07-02-205655-1024x528.png&#039;);background-size:cover;\"><a href=\"https:\/\/czecrin.cz\/en\/event\/joint-conference-of-pharmacological-and-toxicological-societies\/\" alt=\"Joint Conference of Pharmacological and Toxicological Societies\" rel=\"bookmark\"><div class=\"ect-list-date\"><div class=\"ect-date-area default-schedule\"><span class=\"ev-day\">09<\/span>\n\t\t\t\t\t<span class=\"ev-mo\">September<\/span>\n\t\t\t\t\t<span class=\"ev-yr\">2026<\/span><\/div><\/div><\/a><div class=\"ect-share-wrapper\"><i class=\"ect-icon-share\"><\/i><div class=\"ect-social-share-list\"><a class=\"ect-share-link\" href=\"https:\/\/www.facebook.com\/sharer\/sharer.php?u=https%3A%2F%2Fczecrin.cz%2Fen%2Fevent%2Fjoint-conference-of-pharmacological-and-toxicological-societies%2F\" target=\"_blank\" title=\"Facebook\"><i class=\"ect-icon-facebook\"><\/i><\/a><a class=\"ect-share-link\" href=\"https:\/\/twitter.com\/intent\/tweet?text=Joint%20Conference%20of%20Pharmacological%20and%20Toxicological%20Societies&amp;url=https%3A%2F%2Fczecrin.cz%2Fen%2Fevent%2Fjoint-conference-of-pharmacological-and-toxicological-societies%2F\" target=\"_blank\" title=\"Twitter\"><i class=\"ect-icon-twitter\"><\/i><\/a><a class=\"ect-share-link\" href=\"http:\/\/www.linkedin.com\/shareArticle?mini=true&amp;url=https%3A%2F%2Fczecrin.cz%2Fen%2Fevent%2Fjoint-conference-of-pharmacological-and-toxicological-societies%2F\" target=\"_blank\" title=\"Linkedin\"><i class=\"ect-icon-linkedin\"><\/i><\/a><a class=\"ect-email\" href=\"mailto:?Subject=Joint%20Conference%20of%20Pharmacological%20and%20Toxicological%20Societies&amp;Body=https%3A%2F%2Fczecrin.cz%2Fen%2Fevent%2Fjoint-conference-of-pharmacological-and-toxicological-societies%2F\"><i class=\"ect-icon-mail\"><\/i><\/a><a class=\"ect-share-link\" href=\"https:\/\/web.whatsapp.com\/send\/?text=Joint%20Conference%20of%20Pharmacological%20and%20Toxicological%20Societies%20https%3A%2F%2Fczecrin.cz%2Fen%2Fevent%2Fjoint-conference-of-pharmacological-and-toxicological-societies%2F\" target=\"_blank\" title=\"WhatsApp\"><i class=\"ect-icon-whatsapp\"><\/i><\/a><\/div><\/div><\/div><\/div><!-- left-post close --><div class=\"ect-list-post-right\">\n\t\t\t\t<div class=\"ect-list-post-right-table\"><div class=\"ect-list-description\"><h2 class=\"ect-list-title\"><a class=\"ect-event-url\" href=\"https:\/\/czecrin.cz\/en\/event\/joint-conference-of-pharmacological-and-toxicological-societies\/\" rel=\"bookmark\">Joint Conference of Pharmacological and Toxicological Societies<\/a><\/h2><!-- Event Content --><div class=\"ect-event-content\"><p>The joint conference of pharmacology and toxicology societies will take place September 9\u201311, 2026, at the Bohunice University Campus in Brno. The event will bring together four traditional professional conferences: [&hellip;]<\/p>\n<\/div><!-- Event Ticket Price Info -->\n                 <div class=\"ect-rate-area\">\n                 <span class=\"ect-icon\"><i class=\"ect-icon-ticket\"><\/i><\/span>\n                 <span class=\"ect-rate\">CZK4500<\/span>\n                 <\/div><a href=\"https:\/\/czecrin.cz\/en\/event\/joint-conference-of-pharmacological-and-toxicological-societies\/\" class=\"ect-events-read-more\" rel=\"bookmark\">Info<\/a><\/div><div class=\"ect-list-venue default-venue\"><span class=\"ect-icon\"><i class=\"ect-icon-location\"><\/i><\/span><!-- Event Venue Info -->\n\t\t\t\t\t\t\t<span class=\"ect-venue-details ect-address\">\n\t\t\t\t\t\t\t<div>L\u00e9ka\u0159sk\u00e1 fakulta Masarykovy univerzity,<span class=\"tribe-address\">\n\n<span class=\"tribe-street-address\">Kamenice 5<\/span>\n\t\n\t\t<br>\n\t\t<span class=\"tribe-locality\">Brno-Bohunice<\/span><span class=\"tribe-delimiter\">,<\/span>\n\n\n\n\t<span class=\"tribe-country-name\">Czech Republic<\/span>\n\n<\/span>\n<\/div><span class=\"ect-google\"><a class=\"tribe-events-gmap\" href=\"https:\/\/maps.google.com\/maps?f=q&amp;source=s_q&amp;hl=en&amp;geocode=&amp;q=Kamenice+5+Brno-Bohunice+Czech+Republic\" title=\"Click to view a Google Map\" target=\"_blank\" rel=\"noreferrer noopener\">+ Google Map<\/a><\/span><\/span><\/div><\/div><\/div><!-- right-wrapper close --><\/div><!-- event-loop-end --><div id=\"event-13241\" class=\"ect-list-post style-1 ect-simple-event future\"><div class=\"ect-list-post-left \">\n\t\t\t\t<div class=\"ect-list-img\" style=\"background-image:url(&#039;https:\/\/czecrin.cz\/wp-content\/uploads\/2026\/07\/Firefly.jpg&#039;);background-size:cover;\"><a href=\"https:\/\/czecrin.cz\/en\/event\/praguebio-2026\/\" alt=\"PragueBio 2026\" rel=\"bookmark\"><div class=\"ect-list-date\"><div class=\"ect-date-area default-schedule\"><span class=\"ev-day\">23<\/span>\n\t\t\t\t\t<span class=\"ev-mo\">September<\/span>\n\t\t\t\t\t<span class=\"ev-yr\">2026<\/span><\/div><\/div><\/a><div class=\"ect-share-wrapper\"><i class=\"ect-icon-share\"><\/i><div class=\"ect-social-share-list\"><a class=\"ect-share-link\" href=\"https:\/\/www.facebook.com\/sharer\/sharer.php?u=https%3A%2F%2Fczecrin.cz%2Fen%2Fevent%2Fpraguebio-2026%2F\" target=\"_blank\" title=\"Facebook\"><i class=\"ect-icon-facebook\"><\/i><\/a><a class=\"ect-share-link\" href=\"https:\/\/twitter.com\/intent\/tweet?text=PragueBio%202026&amp;url=https%3A%2F%2Fczecrin.cz%2Fen%2Fevent%2Fpraguebio-2026%2F\" target=\"_blank\" title=\"Twitter\"><i class=\"ect-icon-twitter\"><\/i><\/a><a class=\"ect-share-link\" href=\"http:\/\/www.linkedin.com\/shareArticle?mini=true&amp;url=https%3A%2F%2Fczecrin.cz%2Fen%2Fevent%2Fpraguebio-2026%2F\" target=\"_blank\" title=\"Linkedin\"><i class=\"ect-icon-linkedin\"><\/i><\/a><a class=\"ect-email\" href=\"mailto:?Subject=PragueBio%202026&amp;Body=https%3A%2F%2Fczecrin.cz%2Fen%2Fevent%2Fpraguebio-2026%2F\"><i class=\"ect-icon-mail\"><\/i><\/a><a class=\"ect-share-link\" href=\"https:\/\/web.whatsapp.com\/send\/?text=PragueBio%202026%20https%3A%2F%2Fczecrin.cz%2Fen%2Fevent%2Fpraguebio-2026%2F\" target=\"_blank\" title=\"WhatsApp\"><i class=\"ect-icon-whatsapp\"><\/i><\/a><\/div><\/div><\/div><\/div><!-- left-post close --><div class=\"ect-list-post-right\">\n\t\t\t\t<div class=\"ect-list-post-right-table\"><div class=\"ect-list-description\"><h2 class=\"ect-list-title\"><a class=\"ect-event-url\" href=\"https:\/\/czecrin.cz\/en\/event\/praguebio-2026\/\" rel=\"bookmark\">PragueBio 2026<\/a><\/h2><!-- Event Content --><div class=\"ect-event-content\"><p>The fourth annual Prague.bio Conference will take place on September 23, 2026, at the National House in Vinohrady, Prague. The event is one of the most important gatherings of the [&hellip;]<\/p>\n<\/div><!-- Event Ticket Price Info -->\n                 <div class=\"ect-rate-area\">\n                 <span class=\"ect-icon\"><i class=\"ect-icon-ticket\"><\/i><\/span>\n                 <span class=\"ect-rate\">EUR340<\/span>\n                 <\/div><a href=\"https:\/\/czecrin.cz\/en\/event\/praguebio-2026\/\" class=\"ect-events-read-more\" rel=\"bookmark\">Info<\/a><\/div><div class=\"ect-list-venue default-venue\"><span class=\"ect-icon\"><i class=\"ect-icon-location\"><\/i><\/span><!-- Event Venue Info -->\n\t\t\t\t\t\t\t<span class=\"ect-venue-details ect-address\">\n\t\t\t\t\t\t\t<div>N\u00e1rodn\u00ed d\u016fm na Vinohradech,<span class=\"tribe-address\">\n\n<span class=\"tribe-street-address\">N\u00e1m\u011bst\u00ed M\u00edru 820\/9, 120 00 Praha 2-Vinohrady<\/span>\n\t\n\t\t<br>\n\t\t<span class=\"tribe-locality\">Praha<\/span><span class=\"tribe-delimiter\">,<\/span>\n\n\n\n\t<span class=\"tribe-country-name\">Czech Republic<\/span>\n\n<\/span>\n<\/div><span class=\"ect-google\"><a class=\"tribe-events-gmap\" href=\"https:\/\/maps.google.com\/maps?f=q&amp;source=s_q&amp;hl=en&amp;geocode=&amp;q=N%C3%A1m%C4%9Bst%C3%AD+M%C3%ADru+820%2F9%2C+120+00+Praha+2-Vinohrady+Praha+Czech+Republic\" title=\"Click to view a Google Map\" target=\"_blank\" rel=\"noreferrer noopener\">+ Google Map<\/a><\/span><\/span><\/div><\/div><\/div><!-- right-wrapper close --><\/div><!-- event-loop-end --><div id=\"event-13240\" class=\"ect-list-post style-1 ect-simple-event future\"><div class=\"ect-list-post-left \">\n\t\t\t\t<div class=\"ect-list-img\" style=\"background-image:url(&#039;https:\/\/czecrin.cz\/wp-content\/uploads\/2026\/07\/Save_the_date_Reg_Open_5th_June-1024x711.jpg&#039;);background-size:cover;\"><a href=\"https:\/\/czecrin.cz\/en\/event\/5th-teaming-club-conference-2026\/\" alt=\"5th Teaming Club Conference 2026\" rel=\"bookmark\"><div class=\"ect-list-date\"><div class=\"ect-date-area default-schedule\"><span class=\"ev-day\">23<\/span>\n\t\t\t\t\t<span class=\"ev-mo\">September<\/span>\n\t\t\t\t\t<span class=\"ev-yr\">2026<\/span><\/div><\/div><\/a><div class=\"ect-share-wrapper\"><i class=\"ect-icon-share\"><\/i><div class=\"ect-social-share-list\"><a class=\"ect-share-link\" href=\"https:\/\/www.facebook.com\/sharer\/sharer.php?u=https%3A%2F%2Fczecrin.cz%2Fen%2Fevent%2F5th-teaming-club-conference-2026%2F\" target=\"_blank\" title=\"Facebook\"><i class=\"ect-icon-facebook\"><\/i><\/a><a class=\"ect-share-link\" href=\"https:\/\/twitter.com\/intent\/tweet?text=5th%20Teaming%20Club%20Conference%202026&amp;url=https%3A%2F%2Fczecrin.cz%2Fen%2Fevent%2F5th-teaming-club-conference-2026%2F\" target=\"_blank\" title=\"Twitter\"><i class=\"ect-icon-twitter\"><\/i><\/a><a class=\"ect-share-link\" href=\"http:\/\/www.linkedin.com\/shareArticle?mini=true&amp;url=https%3A%2F%2Fczecrin.cz%2Fen%2Fevent%2F5th-teaming-club-conference-2026%2F\" target=\"_blank\" title=\"Linkedin\"><i class=\"ect-icon-linkedin\"><\/i><\/a><a class=\"ect-email\" href=\"mailto:?Subject=5th%20Teaming%20Club%20Conference%202026&amp;Body=https%3A%2F%2Fczecrin.cz%2Fen%2Fevent%2F5th-teaming-club-conference-2026%2F\"><i class=\"ect-icon-mail\"><\/i><\/a><a class=\"ect-share-link\" href=\"https:\/\/web.whatsapp.com\/send\/?text=5th%20Teaming%20Club%20Conference%202026%20https%3A%2F%2Fczecrin.cz%2Fen%2Fevent%2F5th-teaming-club-conference-2026%2F\" target=\"_blank\" title=\"WhatsApp\"><i class=\"ect-icon-whatsapp\"><\/i><\/a><\/div><\/div><\/div><\/div><!-- left-post close --><div class=\"ect-list-post-right\">\n\t\t\t\t<div class=\"ect-list-post-right-table\"><div class=\"ect-list-description\"><h2 class=\"ect-list-title\"><a class=\"ect-event-url\" href=\"https:\/\/czecrin.cz\/en\/event\/5th-teaming-club-conference-2026\/\" rel=\"bookmark\">5th Teaming Club Conference 2026<\/a><\/h2><!-- Event Content --><div class=\"ect-event-content\"><p>Connect. Collaborate. Make an impact. Join our teaming centers and key partners from across Europe for three days filled with inspiring presentations, networking, and partnership-building. Registration opens on June 5, [&hellip;]<\/p>\n<\/div><a href=\"https:\/\/czecrin.cz\/en\/event\/5th-teaming-club-conference-2026\/\" class=\"ect-events-read-more\" rel=\"bookmark\">Info<\/a><\/div><div class=\"ect-list-venue default-venue\"><span class=\"ect-icon\"><i class=\"ect-icon-location\"><\/i><\/span><!-- Event Venue Info -->\n\t\t\t\t\t\t\t<span class=\"ect-venue-details ect-address\">\n\t\t\t\t\t\t\t<div>RTU Campus Domus Auditorialis &#8211; Zunda krastmala 8, Riga, Latvia.,<span class=\"tribe-address\">\n\n\n\n\n\n\n<\/span>\n<\/div><\/span><\/div><\/div><\/div><!-- right-wrapper close --><\/div><!-- event-loop-end --><div id=\"event-13239\" class=\"ect-list-post style-1 ect-simple-event future\"><div class=\"ect-list-post-left \">\n\t\t\t\t<div class=\"ect-list-img\" style=\"background-image:url(&#039;https:\/\/czecrin.cz\/wp-content\/uploads\/2026\/07\/Noc-Vedy-2026-Hleda-se-nadeje-Kdyz-komunikace-otevira-cestu-k-lecbe3-1024x538.png&#039;);background-size:cover;\"><a href=\"https:\/\/czecrin.cz\/en\/event\/science-night-2026\/\" alt=\"Science Night 2026\" rel=\"bookmark\"><div class=\"ect-list-date\"><div class=\"ect-date-area default-schedule\"><span class=\"ev-day\">25<\/span>\n\t\t\t\t\t<span class=\"ev-mo\">September<\/span>\n\t\t\t\t\t<span class=\"ev-yr\">2026<\/span><\/div><\/div><\/a><div class=\"ect-share-wrapper\"><i class=\"ect-icon-share\"><\/i><div class=\"ect-social-share-list\"><a class=\"ect-share-link\" href=\"https:\/\/www.facebook.com\/sharer\/sharer.php?u=https%3A%2F%2Fczecrin.cz%2Fen%2Fevent%2Fscience-night-2026%2F\" target=\"_blank\" title=\"Facebook\"><i class=\"ect-icon-facebook\"><\/i><\/a><a class=\"ect-share-link\" href=\"https:\/\/twitter.com\/intent\/tweet?text=Science%20Night%202026&amp;url=https%3A%2F%2Fczecrin.cz%2Fen%2Fevent%2Fscience-night-2026%2F\" target=\"_blank\" title=\"Twitter\"><i class=\"ect-icon-twitter\"><\/i><\/a><a class=\"ect-share-link\" href=\"http:\/\/www.linkedin.com\/shareArticle?mini=true&amp;url=https%3A%2F%2Fczecrin.cz%2Fen%2Fevent%2Fscience-night-2026%2F\" target=\"_blank\" title=\"Linkedin\"><i class=\"ect-icon-linkedin\"><\/i><\/a><a class=\"ect-email\" href=\"mailto:?Subject=Science%20Night%202026&amp;Body=https%3A%2F%2Fczecrin.cz%2Fen%2Fevent%2Fscience-night-2026%2F\"><i class=\"ect-icon-mail\"><\/i><\/a><a class=\"ect-share-link\" href=\"https:\/\/web.whatsapp.com\/send\/?text=Science%20Night%202026%20https%3A%2F%2Fczecrin.cz%2Fen%2Fevent%2Fscience-night-2026%2F\" target=\"_blank\" title=\"WhatsApp\"><i class=\"ect-icon-whatsapp\"><\/i><\/a><\/div><\/div><\/div><\/div><!-- left-post close --><div class=\"ect-list-post-right\">\n\t\t\t\t<div class=\"ect-list-post-right-table\"><div class=\"ect-list-description\"><h2 class=\"ect-list-title\"><a class=\"ect-event-url\" href=\"https:\/\/czecrin.cz\/en\/event\/science-night-2026\/\" rel=\"bookmark\">Science Night 2026<\/a><\/h2><!-- Event Content --><div class=\"ect-event-content\"><p>Science Night is a Europe-wide event aimed at popularizing science, which invites anyone interested to experience the inspiring world of science. The theme of this year's Science Night is COMMUNICATION. [&hellip;]<\/p>\n<\/div><a href=\"https:\/\/czecrin.cz\/en\/event\/science-night-2026\/\" class=\"ect-events-read-more\" rel=\"bookmark\">Info<\/a><\/div><div class=\"ect-list-venue default-venue\"><span class=\"ect-icon\"><i class=\"ect-icon-location\"><\/i><\/span><!-- Event Venue Info -->\n\t\t\t\t\t\t\t<span class=\"ect-venue-details ect-address\">\n\t\t\t\t\t\t\t<div>L\u00e9ka\u0159sk\u00e1 fakulta Masarykovy univerzity,<span class=\"tribe-address\">\n\n<span class=\"tribe-street-address\">Kamenice 5<\/span>\n\t\n\t\t<br>\n\t\t<span class=\"tribe-locality\">Brno-Bohunice<\/span><span class=\"tribe-delimiter\">,<\/span>\n\n\n\n\t<span class=\"tribe-country-name\">Czech Republic<\/span>\n\n<\/span>\n<\/div><span class=\"ect-google\"><a class=\"tribe-events-gmap\" href=\"https:\/\/maps.google.com\/maps?f=q&amp;source=s_q&amp;hl=en&amp;geocode=&amp;q=Kamenice+5+Brno-Bohunice+Czech+Republic\" title=\"Click to view a Google Map\" target=\"_blank\" rel=\"noreferrer noopener\">+ Google Map<\/a><\/span><\/span><\/div><\/div><\/div><!-- right-wrapper close --><\/div><!-- event-loop-end --><div id=\"event-13238\" class=\"ect-list-post style-1 ect-simple-event future\"><div class=\"ect-list-post-left \">\n\t\t\t\t<div class=\"ect-list-img\" style=\"background-image:url(&#039;https:\/\/czecrin.cz\/wp-content\/uploads\/2026\/07\/82133-2026-core-facility-day-life-sciences-save-the-date-600x0-c4.png&#039;);background-size:cover;\"><a href=\"https:\/\/czecrin.cz\/en\/event\/cf-day-2026\/\" alt=\"CF DAY 2026\" rel=\"bookmark\"><div class=\"ect-list-date\"><div class=\"ect-date-area default-schedule\"><span class=\"ev-day\">07<\/span>\n\t\t\t\t\t<span class=\"ev-mo\">October<\/span>\n\t\t\t\t\t<span class=\"ev-yr\">2026<\/span><\/div><\/div><\/a><div class=\"ect-share-wrapper\"><i class=\"ect-icon-share\"><\/i><div class=\"ect-social-share-list\"><a class=\"ect-share-link\" href=\"https:\/\/www.facebook.com\/sharer\/sharer.php?u=https%3A%2F%2Fczecrin.cz%2Fen%2Fevent%2Fcf-day-2026%2F\" target=\"_blank\" title=\"Facebook\"><i class=\"ect-icon-facebook\"><\/i><\/a><a class=\"ect-share-link\" href=\"https:\/\/twitter.com\/intent\/tweet?text=CF%20DAY%202026&amp;url=https%3A%2F%2Fczecrin.cz%2Fen%2Fevent%2Fcf-day-2026%2F\" target=\"_blank\" title=\"Twitter\"><i class=\"ect-icon-twitter\"><\/i><\/a><a class=\"ect-share-link\" href=\"http:\/\/www.linkedin.com\/shareArticle?mini=true&amp;url=https%3A%2F%2Fczecrin.cz%2Fen%2Fevent%2Fcf-day-2026%2F\" target=\"_blank\" title=\"Linkedin\"><i class=\"ect-icon-linkedin\"><\/i><\/a><a class=\"ect-email\" href=\"mailto:?Subject=CF%20DAY%202026&amp;Body=https%3A%2F%2Fczecrin.cz%2Fen%2Fevent%2Fcf-day-2026%2F\"><i class=\"ect-icon-mail\"><\/i><\/a><a class=\"ect-share-link\" href=\"https:\/\/web.whatsapp.com\/send\/?text=CF%20DAY%202026%20https%3A%2F%2Fczecrin.cz%2Fen%2Fevent%2Fcf-day-2026%2F\" target=\"_blank\" title=\"WhatsApp\"><i class=\"ect-icon-whatsapp\"><\/i><\/a><\/div><\/div><\/div><\/div><!-- left-post close --><div class=\"ect-list-post-right\">\n\t\t\t\t<div class=\"ect-list-post-right-table\"><div class=\"ect-list-description\"><h2 class=\"ect-list-title\"><a class=\"ect-event-url\" href=\"https:\/\/czecrin.cz\/en\/event\/cf-day-2026\/\" rel=\"bookmark\">CF DAY 2026<\/a><\/h2><!-- Event Content --><div class=\"ect-event-content\"><p>Join us for CF Day, where all twelve of CEITEC MU\u2019s shared laboratories (Core Facilities) will be showcased. Each shared laboratory will have a designated 20-minute slot to provide you [&hellip;]<\/p>\n<\/div><a href=\"https:\/\/czecrin.cz\/en\/event\/cf-day-2026\/\" class=\"ect-events-read-more\" rel=\"bookmark\">Info<\/a><\/div><div class=\"ect-list-venue default-venue\"><span class=\"ect-icon\"><i class=\"ect-icon-location\"><\/i><\/span><!-- Event Venue Info -->\n\t\t\t\t\t\t\t<span class=\"ect-venue-details ect-address\">\n\t\t\t\t\t\t\t<div>CEITEC MU, Univerzitn\u00ed kampus, budova E35\/145,<span class=\"tribe-address\">\n\n\n\n\n\n\n<\/span>\n<\/div><\/span><\/div><\/div><\/div><!-- right-wrapper close --><\/div><!-- event-loop-end --><div id=\"event-13206\" class=\"ect-list-post style-1 ect-simple-event future\"><div class=\"ect-list-post-left \">\n\t\t\t\t<div class=\"ect-list-img\" style=\"background-image:url(&#039;https:\/\/czecrin.cz\/wp-content\/uploads\/2026\/07\/csm_medica_logo_4782174d2c-1024x576.webp&#039;);background-size:cover;\"><a href=\"https:\/\/czecrin.cz\/en\/event\/medica-2026\/\" alt=\"MEDICA 2026\" rel=\"bookmark\"><div class=\"ect-list-date\"><div class=\"ect-date-area default-schedule\"><span class=\"ev-day\">16<\/span>\n\t\t\t\t\t<span class=\"ev-mo\">November<\/span>\n\t\t\t\t\t<span class=\"ev-yr\">2026<\/span><\/div><\/div><\/a><div class=\"ect-share-wrapper\"><i class=\"ect-icon-share\"><\/i><div class=\"ect-social-share-list\"><a class=\"ect-share-link\" href=\"https:\/\/www.facebook.com\/sharer\/sharer.php?u=https%3A%2F%2Fczecrin.cz%2Fen%2Fevent%2Fmedica-2026%2F\" target=\"_blank\" title=\"Facebook\"><i class=\"ect-icon-facebook\"><\/i><\/a><a class=\"ect-share-link\" href=\"https:\/\/twitter.com\/intent\/tweet?text=MEDICA%202026&amp;url=https%3A%2F%2Fczecrin.cz%2Fen%2Fevent%2Fmedica-2026%2F\" target=\"_blank\" title=\"Twitter\"><i class=\"ect-icon-twitter\"><\/i><\/a><a class=\"ect-share-link\" href=\"http:\/\/www.linkedin.com\/shareArticle?mini=true&amp;url=https%3A%2F%2Fczecrin.cz%2Fen%2Fevent%2Fmedica-2026%2F\" target=\"_blank\" title=\"Linkedin\"><i class=\"ect-icon-linkedin\"><\/i><\/a><a class=\"ect-email\" href=\"mailto:?Subject=MEDICA%202026&amp;Body=https%3A%2F%2Fczecrin.cz%2Fen%2Fevent%2Fmedica-2026%2F\"><i class=\"ect-icon-mail\"><\/i><\/a><a class=\"ect-share-link\" href=\"https:\/\/web.whatsapp.com\/send\/?text=MEDICA%202026%20https%3A%2F%2Fczecrin.cz%2Fen%2Fevent%2Fmedica-2026%2F\" target=\"_blank\" title=\"WhatsApp\"><i class=\"ect-icon-whatsapp\"><\/i><\/a><\/div><\/div><\/div><\/div><!-- left-post close --><div class=\"ect-list-post-right\">\n\t\t\t\t<div class=\"ect-list-post-right-table\"><div class=\"ect-list-description\"><h2 class=\"ect-list-title\"><a class=\"ect-event-url\" href=\"https:\/\/czecrin.cz\/en\/event\/medica-2026\/\" rel=\"bookmark\">MEDICA 2026<\/a><\/h2><!-- Event Content --><div class=\"ect-event-content\"><p>If you want to experience the future of healthcare firsthand, you won't want to miss this MEDICA is the world\u2019s leading platform for medical technology and innovation in healthcare. Discover [&hellip;]<\/p>\n<\/div><a href=\"https:\/\/czecrin.cz\/en\/event\/medica-2026\/\" class=\"ect-events-read-more\" rel=\"bookmark\">Info<\/a><\/div><div class=\"ect-list-venue default-venue\"><span class=\"ect-icon\"><i class=\"ect-icon-location\"><\/i><\/span><!-- Event Venue Info -->\n\t\t\t\t\t\t\t<span class=\"ect-venue-details ect-address\">\n\t\t\t\t\t\t\t<div>D\u00fcsseldorf Exhibition Centre,<span class=\"tribe-address\">\n\n<span class=\"tribe-street-address\">Stockumer Kirchstra\u00dfe 61<\/span>\n\t\n\t\t<br>\n\t\t<span class=\"tribe-locality\">D\u00fcsseldorf-Stadtbezirk 5<\/span><span class=\"tribe-delimiter\">,<\/span>\n\n\n\t<span class=\"tribe-postal-code\">40474<\/span>\n\n\t<span class=\"tribe-country-name\">Germany<\/span>\n\n<\/span>\n<\/div><span class=\"ect-google\"><a class=\"tribe-events-gmap\" href=\"https:\/\/maps.google.com\/maps?f=q&amp;source=s_q&amp;hl=en&amp;geocode=&amp;q=Stockumer+Kirchstra%C3%9Fe+61+D%C3%BCsseldorf-Stadtbezirk+5+40474+Germany\" title=\"Click to view a Google Map\" target=\"_blank\" rel=\"noreferrer noopener\">+ Google Map<\/a><\/span><\/span><\/div><\/div><\/div><!-- right-wrapper close --><\/div><!-- event-loop-end --><div id=\"event-13205\" class=\"ect-list-post style-1 ect-simple-event future\"><div class=\"ect-list-post-left \">\n\t\t\t\t<div class=\"ect-list-img\" style=\"background-image:url(&#039;https:\/\/czecrin.cz\/wp-content\/uploads\/2026\/07\/images-1.jpg&#039;);background-size:cover;\"><a href=\"https:\/\/czecrin.cz\/en\/event\/czeder-2026-2\/\" alt=\"CZEDER 2026\" rel=\"bookmark\"><div class=\"ect-list-date\"><div class=\"ect-date-area default-schedule\"><span class=\"ev-day\">23<\/span>\n\t\t\t\t\t<span class=\"ev-mo\">November<\/span>\n\t\t\t\t\t<span class=\"ev-yr\">2026<\/span><\/div><\/div><\/a><div class=\"ect-share-wrapper\"><i class=\"ect-icon-share\"><\/i><div class=\"ect-social-share-list\"><a class=\"ect-share-link\" href=\"https:\/\/www.facebook.com\/sharer\/sharer.php?u=https%3A%2F%2Fczecrin.cz%2Fen%2Fevent%2Fczeder-2026-2%2F\" target=\"_blank\" title=\"Facebook\"><i class=\"ect-icon-facebook\"><\/i><\/a><a class=\"ect-share-link\" href=\"https:\/\/twitter.com\/intent\/tweet?text=CZEDER%202026&amp;url=https%3A%2F%2Fczecrin.cz%2Fen%2Fevent%2Fczeder-2026-2%2F\" target=\"_blank\" title=\"Twitter\"><i class=\"ect-icon-twitter\"><\/i><\/a><a class=\"ect-share-link\" href=\"http:\/\/www.linkedin.com\/shareArticle?mini=true&amp;url=https%3A%2F%2Fczecrin.cz%2Fen%2Fevent%2Fczeder-2026-2%2F\" target=\"_blank\" title=\"Linkedin\"><i class=\"ect-icon-linkedin\"><\/i><\/a><a class=\"ect-email\" href=\"mailto:?Subject=CZEDER%202026&amp;Body=https%3A%2F%2Fczecrin.cz%2Fen%2Fevent%2Fczeder-2026-2%2F\"><i class=\"ect-icon-mail\"><\/i><\/a><a class=\"ect-share-link\" href=\"https:\/\/web.whatsapp.com\/send\/?text=CZEDER%202026%20https%3A%2F%2Fczecrin.cz%2Fen%2Fevent%2Fczeder-2026-2%2F\" target=\"_blank\" title=\"WhatsApp\"><i class=\"ect-icon-whatsapp\"><\/i><\/a><\/div><\/div><\/div><\/div><!-- left-post close --><div class=\"ect-list-post-right\">\n\t\t\t\t<div class=\"ect-list-post-right-table\"><div class=\"ect-list-description\"><h2 class=\"ect-list-title\"><a class=\"ect-event-url\" href=\"https:\/\/czecrin.cz\/en\/event\/czeder-2026-2\/\" rel=\"bookmark\">CZEDER 2026<\/a><\/h2><!-- Event Content --><div class=\"ect-event-content\"><p>The Czech European Research Days (CZEDER) are the largest conference dedicated to the European Framework Programs for Research, Technological Development, and Innovation (FP) in the Czech Republic. It is organized [&hellip;]<\/p>\n<\/div><a href=\"https:\/\/czecrin.cz\/en\/event\/czeder-2026-2\/\" class=\"ect-events-read-more\" rel=\"bookmark\">Info<\/a><\/div><div class=\"ect-list-venue default-venue\"><span class=\"ect-icon\"><i class=\"ect-icon-location\"><\/i><\/span><!-- Event Venue Info -->\n\t\t\t\t\t\t\t<span class=\"ect-venue-details ect-address\">\n\t\t\t\t\t\t\t<div>Hotel Diplomat, Praha,<span class=\"tribe-address\">\n\n\n\n\n\n\n<\/span>\n<\/div><\/span><\/div><\/div><\/div><!-- right-wrapper close --><\/div><!-- event-loop-end --><div id=\"event-13203\" class=\"ect-list-post style-1 ect-simple-event future\"><div class=\"ect-list-post-left \">\n\t\t\t\t<div class=\"ect-list-img\" style=\"background-image:url(&#039;https:\/\/czecrin.cz\/wp-content\/uploads\/2026\/07\/Networking-26-cervena-1024x724.png&#039;);background-size:cover;\"><a href=\"https:\/\/czecrin.cz\/en\/event\/czecrin-networking-2026\/\" alt=\"CZECRIN NETWORKING 2026\" rel=\"bookmark\"><div class=\"ect-list-date\"><div class=\"ect-date-area default-schedule\"><span class=\"ev-day\">26<\/span>\n\t\t\t\t\t<span class=\"ev-mo\">November<\/span>\n\t\t\t\t\t<span class=\"ev-yr\">2026<\/span><\/div><\/div><\/a><div class=\"ect-share-wrapper\"><i class=\"ect-icon-share\"><\/i><div class=\"ect-social-share-list\"><a class=\"ect-share-link\" href=\"https:\/\/www.facebook.com\/sharer\/sharer.php?u=https%3A%2F%2Fczecrin.cz%2Fen%2Fevent%2Fczecrin-networking-2026%2F\" target=\"_blank\" title=\"Facebook\"><i class=\"ect-icon-facebook\"><\/i><\/a><a class=\"ect-share-link\" href=\"https:\/\/twitter.com\/intent\/tweet?text=CZECRIN%20NETWORKING%202026&amp;url=https%3A%2F%2Fczecrin.cz%2Fen%2Fevent%2Fczecrin-networking-2026%2F\" target=\"_blank\" title=\"Twitter\"><i class=\"ect-icon-twitter\"><\/i><\/a><a class=\"ect-share-link\" href=\"http:\/\/www.linkedin.com\/shareArticle?mini=true&amp;url=https%3A%2F%2Fczecrin.cz%2Fen%2Fevent%2Fczecrin-networking-2026%2F\" target=\"_blank\" title=\"Linkedin\"><i class=\"ect-icon-linkedin\"><\/i><\/a><a class=\"ect-email\" href=\"mailto:?Subject=CZECRIN%20NETWORKING%202026&amp;Body=https%3A%2F%2Fczecrin.cz%2Fen%2Fevent%2Fczecrin-networking-2026%2F\"><i class=\"ect-icon-mail\"><\/i><\/a><a class=\"ect-share-link\" href=\"https:\/\/web.whatsapp.com\/send\/?text=CZECRIN%20NETWORKING%202026%20https%3A%2F%2Fczecrin.cz%2Fen%2Fevent%2Fczecrin-networking-2026%2F\" target=\"_blank\" title=\"WhatsApp\"><i class=\"ect-icon-whatsapp\"><\/i><\/a><\/div><\/div><\/div><\/div><!-- left-post close --><div class=\"ect-list-post-right\">\n\t\t\t\t<div class=\"ect-list-post-right-table\"><div class=\"ect-list-description\"><h2 class=\"ect-list-title\"><a class=\"ect-event-url\" href=\"https:\/\/czecrin.cz\/en\/event\/czecrin-networking-2026\/\" rel=\"bookmark\">CZECRIN NETWORKING 2026<\/a><\/h2><!-- Event Content --><div class=\"ect-event-content\"><p>The sixth CZECRIN working meeting will take place 26.-27. 11. 2026 in \u010cern\u00e1 Hora near Blansko. This time, the theme is On Our Shared Journey Through Clinical Research.<\/p>\n<\/div><a href=\"https:\/\/czecrin.cz\/en\/event\/czecrin-networking-2026\/\" class=\"ect-events-read-more\" rel=\"bookmark\">Info<\/a><\/div><div class=\"ect-list-venue default-venue\"><span class=\"ect-icon\"><i class=\"ect-icon-location\"><\/i><\/span><!-- Event Venue Info -->\n\t\t\t\t\t\t\t<span class=\"ect-venue-details ect-address\">\n\t\t\t\t\t\t\t<div>\u010cern\u00e1 hora,<span class=\"tribe-address\">\n\n\n\t<span class=\"tribe-locality\">Blansko<\/span><span class=\"tribe-delimiter\">,<\/span>\n\n\n\n\n<\/span>\n<\/div><span class=\"ect-google\"><a class=\"tribe-events-gmap\" href=\"https:\/\/maps.google.com\/maps?f=q&amp;source=s_q&amp;hl=en&amp;geocode=&amp;q=Blansko\" title=\"Click to view a Google Map\" target=\"_blank\" rel=\"noreferrer noopener\">+ Google Map<\/a><\/span><\/span><\/div><\/div><\/div><!-- right-wrapper close --><\/div><!-- event-loop-end --><\/div><\/div>[\/et_pb_code][\/et_pb_column][\/et_pb_row][et_pb_row _builder_version=&#8221;4.27.6&#8243; _module_preset=&#8221;default&#8221; global_colors_info=&#8221;{}&#8221; custom_margin=&#8221;|auto|93px|auto||&#8221;][et_pb_column type=&#8221;4_4&#8243; _builder_version=&#8221;4.27.6&#8243; _module_preset=&#8221;default&#8221; global_colors_info=&#8221;{}&#8221;][et_pb_button button_url=&#8221;https:\/\/czecrin.cz\/en\/events\/seznam\/?tribe_event_display=past&#8221; url_new_window=&#8221;on&#8221; button_text=&#8221;View Past Events&#8221; button_alignment=&#8221;left&#8221; _builder_version=&#8221;4.27.6&#8243; _module_preset=&#8221;5a18c15d-02ca-4e50-a6c0-9677dd27deba&#8221; custom_margin=&#8221;-43px|||||&#8221; hover_enabled=&#8221;0&#8243; global_colors_info=&#8221;{}&#8221; locked=&#8221;off&#8221; sticky_enabled=&#8221;0&#8243;][\/et_pb_button][\/et_pb_column][\/et_pb_row][et_pb_row column_structure=&#8221;1_2,1_2&#8243; use_custom_gutter=&#8221;on&#8221; make_equal=&#8221;on&#8221; _builder_version=&#8221;4.27.4&#8243; _module_preset=&#8221;default&#8221; module_alignment=&#8221;center&#8221; custom_margin=&#8221;10px||10px||true|false&#8221; custom_padding=&#8221;|10px||10px|false|true&#8221; locked=&#8221;off&#8221; global_colors_info=&#8221;{}&#8221;][et_pb_column type=&#8221;1_2&#8243; _builder_version=&#8221;4.27.4&#8243; _module_preset=&#8221;default&#8221; global_colors_info=&#8221;{}&#8221;][et_pb_heading title=&#8221;Events 2026&#8243; _builder_version=&#8221;4.27.4&#8243; _module_preset=&#8221;default&#8221; global_colors_info=&#8221;{}&#8221;][\/et_pb_heading][et_pb_blog fullwidth=&#8221;off&#8221; posts_number=&#8221;5&#8243; include_categories=&#8221;181&#8243; meta_date=&#8221;j. n. Y&#8221; show_thumbnail=&#8221;off&#8221; excerpt_length=&#8221;205&#8243; module_id=&#8221;novinky&#8221; module_class=&#8221;dt-blog&#8221; _builder_version=&#8221;4.27.4&#8243; _module_preset=&#8221;default&#8221; header_level=&#8221;h6&#8243; header_text_align=&#8221;left&#8221; header_font_size=&#8221;21px&#8221; body_text_align=&#8221;justify&#8221; body_font_size=&#8221;13px&#8221; body_line_height=&#8221;1.8em&#8221; meta_font=&#8221;|600|||||||&#8221; meta_text_color=&#8221;#d1d1d1&#8243; text_orientation=&#8221;left&#8221; custom_margin=&#8221;||||false|false&#8221; header_font_size_tablet=&#8221;16px&#8221; header_font_size_phone=&#8221;16px&#8221; header_font_size_last_edited=&#8221;on|desktop&#8221; border_width_all=&#8221;0px&#8221; border_color_all_image=&#8221;RGBA(255,255,255,0)&#8221; box_shadow_style=&#8221;preset2&#8243; box_shadow_color=&#8221;#1C203A&#8221; box_shadow_style_image=&#8221;none&#8221; global_colors_info=&#8221;{}&#8221; background__hover_enabled=&#8221;off|hover&#8221; background_enable_color__hover=&#8221;off&#8221;][\/et_pb_blog][\/et_pb_column][et_pb_column type=&#8221;1_2&#8243; _builder_version=&#8221;4.27.4&#8243; _module_preset=&#8221;default&#8221; global_colors_info=&#8221;{}&#8221;][et_pb_heading title=&#8221;Events 2025&#8243; _builder_version=&#8221;4.27.4&#8243; _module_preset=&#8221;default&#8221; global_colors_info=&#8221;{}&#8221;][\/et_pb_heading][et_pb_blog fullwidth=&#8221;off&#8221; posts_number=&#8221;5&#8243; include_categories=&#8221;135&#8243; meta_date=&#8221;j. n. Y&#8221; show_thumbnail=&#8221;off&#8221; excerpt_length=&#8221;200&#8243; module_id=&#8221;novinky&#8221; module_class=&#8221;dt-blog&#8221; _builder_version=&#8221;4.27.4&#8243; _module_preset=&#8221;default&#8221; header_level=&#8221;h6&#8243; header_text_align=&#8221;left&#8221; header_font_size=&#8221;21px&#8221; body_text_align=&#8221;justify&#8221; body_font_size=&#8221;13px&#8221; body_line_height=&#8221;1.8em&#8221; meta_font=&#8221;|600|||||||&#8221; meta_text_color=&#8221;#d1d1d1&#8243; text_orientation=&#8221;left&#8221; custom_margin=&#8221;||||false|false&#8221; header_font_size_tablet=&#8221;16px&#8221; header_font_size_phone=&#8221;16px&#8221; header_font_size_last_edited=&#8221;on|desktop&#8221; border_width_all=&#8221;0px&#8221; border_color_all_image=&#8221;RGBA(255,255,255,0)&#8221; box_shadow_style=&#8221;preset2&#8243; box_shadow_color=&#8221;#1C203A&#8221; box_shadow_style_image=&#8221;none&#8221; global_colors_info=&#8221;{}&#8221; background__hover_enabled=&#8221;off|hover&#8221; background_enable_color__hover=&#8221;off&#8221;][\/et_pb_blog][\/et_pb_column][\/et_pb_row][\/et_pb_section][et_pb_section fb_built=&#8221;1&#8243; fullwidth=&#8221;on&#8221; module_id=&#8221;materials_actions&#8221; _builder_version=&#8221;4.27.4&#8243; _module_preset=&#8221;default&#8221; bottom_divider_color=&#8221;#FFFFFF&#8221; global_colors_info=&#8221;{}&#8221;][et_pb_fullwidth_slider use_bg_overlay=&#8221;off&#8221; use_text_overlay=&#8221;on&#8221; text_overlay_color=&#8221;RGBA(255,255,255,0)&#8221; text_border_radius=&#8221;0px&#8221; _builder_version=&#8221;4.27.4&#8243; _module_preset=&#8221;default&#8221; header_font_size=&#8221;42px&#8221; background_enable_color=&#8221;off&#8221; use_background_color_gradient=&#8221;on&#8221; background_enable_image=&#8221;off&#8221; parallax=&#8221;on&#8221; parallax_method=&#8221;on&#8221; background_enable_video_mp4=&#8221;off&#8221; background_video_pause_outside_viewport=&#8221;off&#8221; custom_button=&#8221;on&#8221; button_text_color=&#8221;#10275D&#8221; button_bg_color=&#8221;#FFFFFF&#8221; button_border_width=&#8221;0px&#8221; button_border_color=&#8221;RGBA(255,255,255,0)&#8221; box_shadow_style_image=&#8221;preset1&#8243; global_colors_info=&#8221;{}&#8221;][et_pb_slide heading=&#8221;Materials from events&#8221; button_text=&#8221;View all materials&#8221; button_link=&#8221;https:\/\/czecrin.cz\/en\/materials-for-download\/&#8221; image=&#8221;https:\/\/czecrin.cz\/wp-content\/uploads\/2023\/12\/IMG_3555.jpg&#8221; use_text_overlay=&#8221;off&#8221; _builder_version=&#8221;4.27.4&#8243; _module_preset=&#8221;default&#8221; background_enable_color=&#8221;off&#8221; background_enable_video_mp4=&#8221;off&#8221; custom_button=&#8221;on&#8221; button_alignment=&#8221;left&#8221; button_custom_padding=&#8221;10px||10px||true|false&#8221; box_shadow_style_button=&#8221;preset1&#8243; global_colors_info=&#8221;{}&#8221; sticky_transition=&#8221;on&#8221;]<\/p>\n<p>Materials, presentations and handouts from our professional meetings.<br \/>All available documents for download in one place.<\/p>\n<p>[\/et_pb_slide][\/et_pb_fullwidth_slider][\/et_pb_section][et_pb_section fb_built=&#8221;1&#8243; _builder_version=&#8221;4.27.4&#8243; _module_preset=&#8221;default&#8221; global_colors_info=&#8221;{}&#8221;][et_pb_row column_structure=&#8221;1_5,1_5,1_5,1_5,1_5&#8243; use_custom_gutter=&#8221;on&#8221; make_equal=&#8221;on&#8221; _builder_version=&#8221;4.27.4&#8243; _module_preset=&#8221;default&#8221; global_colors_info=&#8221;{}&#8221;][et_pb_column type=&#8221;1_5&#8243; _builder_version=&#8221;4.27.4&#8243; _module_preset=&#8221;default&#8221; global_colors_info=&#8221;{}&#8221;][et_pb_heading title=&#8221;Archive of events 2024&#8243; _builder_version=&#8221;4.27.4&#8243; _module_preset=&#8221;default&#8221; global_colors_info=&#8221;{}&#8221;][\/et_pb_heading][et_pb_blog fullwidth=&#8221;off&#8221; posts_number=&#8221;5&#8243; include_categories=&#8221;136&#8243; show_thumbnail=&#8221;off&#8221; use_manual_excerpt=&#8221;off&#8221; show_more=&#8221;on&#8221; show_excerpt=&#8221;off&#8221; _builder_version=&#8221;4.27.4&#8243; _module_preset=&#8221;default&#8221; header_font_size=&#8221;17px&#8221; global_colors_info=&#8221;{}&#8221;][\/et_pb_blog][et_pb_blog fullwidth=&#8221;off&#8221; posts_number=&#8221;5&#8243; include_categories=&#8221;136&#8243; show_thumbnail=&#8221;off&#8221; use_manual_excerpt=&#8221;off&#8221; show_more=&#8221;on&#8221; show_excerpt=&#8221;off&#8221; _builder_version=&#8221;4.27.4&#8243; _module_preset=&#8221;default&#8221; header_font_size=&#8221;17px&#8221; global_colors_info=&#8221;{}&#8221;][\/et_pb_blog][et_pb_blog fullwidth=&#8221;off&#8221; posts_number=&#8221;5&#8243; include_categories=&#8221;136&#8243; show_thumbnail=&#8221;off&#8221; use_manual_excerpt=&#8221;off&#8221; show_more=&#8221;on&#8221; show_excerpt=&#8221;off&#8221; _builder_version=&#8221;4.27.4&#8243; _module_preset=&#8221;default&#8221; header_font_size=&#8221;17px&#8221; global_colors_info=&#8221;{}&#8221;][\/et_pb_blog][\/et_pb_column][et_pb_column type=&#8221;1_5&#8243; _builder_version=&#8221;4.27.4&#8243; _module_preset=&#8221;default&#8221; global_colors_info=&#8221;{}&#8221;][et_pb_heading title=&#8221;Archive of events 2023&#8243; _builder_version=&#8221;4.27.4&#8243; _module_preset=&#8221;default&#8221; global_colors_info=&#8221;{}&#8221;][\/et_pb_heading][et_pb_blog fullwidth=&#8221;off&#8221; posts_number=&#8221;5&#8243; include_categories=&#8221;137&#8243; show_thumbnail=&#8221;off&#8221; use_manual_excerpt=&#8221;off&#8221; show_more=&#8221;on&#8221; show_excerpt=&#8221;off&#8221; _builder_version=&#8221;4.27.4&#8243; _module_preset=&#8221;default&#8221; header_font_size=&#8221;17px&#8221; global_colors_info=&#8221;{}&#8221;][\/et_pb_blog][\/et_pb_column][et_pb_column type=&#8221;1_5&#8243; _builder_version=&#8221;4.27.4&#8243; _module_preset=&#8221;default&#8221; global_colors_info=&#8221;{}&#8221;][et_pb_heading title=&#8221;Archive of 2022 events&#8221; _builder_version=&#8221;4.27.4&#8243; _module_preset=&#8221;default&#8221; global_colors_info=&#8221;{}&#8221;][\/et_pb_heading][et_pb_blog fullwidth=&#8221;off&#8221; posts_number=&#8221;5&#8243; include_categories=&#8221;138&#8243; show_thumbnail=&#8221;off&#8221; use_manual_excerpt=&#8221;off&#8221; show_more=&#8221;on&#8221; show_excerpt=&#8221;off&#8221; _builder_version=&#8221;4.27.4&#8243; _module_preset=&#8221;default&#8221; header_font_size=&#8221;17px&#8221; global_colors_info=&#8221;{}&#8221;][\/et_pb_blog][\/et_pb_column][et_pb_column type=&#8221;1_5&#8243; _builder_version=&#8221;4.27.4&#8243; _module_preset=&#8221;default&#8221; global_colors_info=&#8221;{}&#8221;][et_pb_heading title=&#8221;Archive of events 2021&#8243; _builder_version=&#8221;4.27.4&#8243; _module_preset=&#8221;default&#8221; global_colors_info=&#8221;{}&#8221;][\/et_pb_heading][et_pb_blog fullwidth=&#8221;off&#8221; posts_number=&#8221;5&#8243; include_categories=&#8221;139&#8243; show_thumbnail=&#8221;off&#8221; use_manual_excerpt=&#8221;off&#8221; show_more=&#8221;on&#8221; show_excerpt=&#8221;off&#8221; _builder_version=&#8221;4.27.4&#8243; _module_preset=&#8221;default&#8221; header_font_size=&#8221;17px&#8221; global_colors_info=&#8221;{}&#8221;][\/et_pb_blog][\/et_pb_column][et_pb_column type=&#8221;1_5&#8243; _builder_version=&#8221;4.27.4&#8243; _module_preset=&#8221;default&#8221; global_colors_info=&#8221;{}&#8221;][et_pb_heading title=&#8221;Archive of 2020 events&#8221; _builder_version=&#8221;4.27.4&#8243; _module_preset=&#8221;default&#8221; global_colors_info=&#8221;{}&#8221;][\/et_pb_heading][et_pb_blog fullwidth=&#8221;off&#8221; posts_number=&#8221;5&#8243; include_categories=&#8221;140&#8243; show_thumbnail=&#8221;off&#8221; use_manual_excerpt=&#8221;off&#8221; show_more=&#8221;on&#8221; show_excerpt=&#8221;off&#8221; _builder_version=&#8221;4.27.4&#8243; _module_preset=&#8221;default&#8221; header_font_size=&#8221;17px&#8221; global_colors_info=&#8221;{}&#8221;][\/et_pb_blog][\/et_pb_column][\/et_pb_row][\/et_pb_section][et_pb_section fb_built=&#8221;1&#8243; custom_padding_last_edited=&#8221;on|desktop&#8221; next_background_color=&#8221;#FFFFFF&#8221; admin_label=&#8221;Footer&#8221; _builder_version=&#8221;4.27.4&#8243; background_color=&#8221;RGBA(255,255,255,0)&#8221; use_background_color_gradient=&#8221;on&#8221; background_color_gradient_direction=&#8221;130deg&#8221; background_color_gradient_stops=&#8221;#71d8ff 26%|#372a92 100%&#8221; background_color_gradient_start=&#8221;#8624E1&#8243; background_color_gradient_start_position=&#8221;25%&#8221; background_color_gradient_end=&#8221;#3607A6&#8243; background_image=&#8221;https:\/\/czecrin.cz\/wp-content\/uploads\/2025\/07\/Pruhledna-pani-na-web.png&#8221; background_position=&#8221;center_right&#8221; background_repeat=&#8221;space&#8221; min_height=&#8221;608.4px&#8221; custom_padding=&#8221;10vw||0vw||false|false&#8221; custom_padding_tablet=&#8221;100px||100px||true&#8221; custom_padding_phone=&#8221;||||true&#8221; top_divider_style=&#8221;ramp2&#8243; top_divider_color=&#8221;#FFFFFF&#8221; top_divider_height=&#8221;250px&#8221; top_divider_flip=&#8221;vertical&#8221; top_divider_height_tablet=&#8221;150px&#8221; top_divider_height_phone=&#8221;110px&#8221; top_divider_height_last_edited=&#8221;on|phone&#8221; bottom_divider_style=&#8221;mountains&#8221; bottom_divider_flip=&#8221;vertical&#8221; border_color_all=&#8221;RGBA(255,255,255,0)&#8221; saved_tabs=&#8221;all&#8221; global_colors_info=&#8221;{}&#8221;][et_pb_row _builder_version=&#8221;4.27.4&#8243; _module_preset=&#8221;default&#8221; custom_margin=&#8221;100px||||false|false&#8221; global_colors_info=&#8221;{}&#8221;][et_pb_column type=&#8221;4_4&#8243; _builder_version=&#8221;4.27.4&#8243; _module_preset=&#8221;default&#8221; global_colors_info=&#8221;{}&#8221;][et_pb_heading title=&#8221;Follow us on the networks!&#8221; _builder_version=&#8221;4.27.4&#8243; _module_preset=&#8221;default&#8221; width=&#8221;57.5%&#8221; global_colors_info=&#8221;{}&#8221;][\/et_pb_heading][et_pb_social_media_follow use_icon_font_size=&#8221;on&#8221; icon_font_size=&#8221;26px&#8221; _builder_version=&#8221;4.27.4&#8243; _module_preset=&#8221;default&#8221; custom_margin=&#8221;|322px||||&#8221; custom_padding=&#8221;|517px|117px|||&#8221; global_colors_info=&#8221;{}&#8221;][et_pb_social_media_follow_network social_network=&#8221;facebook&#8221; url=&#8221;https:\/\/www.facebook.com\/czecrin\/?locale=cs_CZ&#8221; _builder_version=&#8221;4.27.4&#8243; _module_preset=&#8221;default&#8221; background_color=&#8221;#3b5998&#8243; global_colors_info=&#8221;{}&#8221; follow_button=&#8221;off&#8221; url_new_window=&#8221;on&#8221;]facebook[\/et_pb_social_media_follow_network][et_pb_social_media_follow_network social_network=&#8221;linkedin&#8221; url=&#8221;https:\/\/www.linkedin.com\/company\/10909246\/&#8221; _builder_version=&#8221;4.27.4&#8243; _module_preset=&#8221;default&#8221; background_color=&#8221;#007bb6&#8243; global_colors_info=&#8221;{}&#8221; follow_button=&#8221;off&#8221; url_new_window=&#8221;on&#8221;]linkedin[\/et_pb_social_media_follow_network][et_pb_social_media_follow_network social_network=&#8221;instagram&#8221; url=&#8221;https:\/\/www.instagram.com\/muni_creatic\/&#8221; _builder_version=&#8221;4.27.4&#8243; _module_preset=&#8221;default&#8221; background_color=&#8221;#ea2c59&#8243; global_colors_info=&#8221;{}&#8221; follow_button=&#8221;off&#8221; url_new_window=&#8221;on&#8221;]instagram[\/et_pb_social_media_follow_network][\/et_pb_social_media_follow][\/et_pb_column][\/et_pb_row][\/et_pb_section]<\/p>\n","protected":false},"excerpt":{"rendered":"<p>[et_pb_section fb_built=&#8221;1&#8243; custom_padding_last_edited=&#8221;on|desktop&#8221; next_background_color=&#8221;#ffffff&#8221; admin_label=&#8221;Header&#8221; _builder_version=&#8221;4.27.4&#8243; background_image=&#8221;https:\/\/czecrin.cz\/wp-content\/uploads\/2026\/01\/Univerzalni-pozadi-scaled.jpg&#8221; background_position=&#8221;top_center&#8221; custom_padding=&#8221;7vw||10vw||false|false&#8221; custom_padding_tablet=&#8221;100px||100px||true&#8221; custom_padding_phone=&#8221;||||true&#8221; bottom_divider_style=&#8221;ramp2&#8243; bottom_divider_height=&#8221;250px&#8221; bottom_divider_flip=&#8221;horizontal&#8221; bottom_divider_height_tablet=&#8221;150px&#8221; bottom_divider_height_phone=&#8221;110px&#8221; bottom_divider_height_last_edited=&#8221;on|phone&#8221; saved_tabs=&#8221;all&#8221; global_colors_info=&#8221;{}&#8221;][et_pb_row _builder_version=&#8221;4.16&#8243; global_colors_info=&#8221;{}&#8221;][et_pb_column type=&#8221;4_4&#8243; _builder_version=&#8221;4.16&#8243; custom_padding=&#8221;|||&#8221; global_colors_info=&#8221;{}&#8221; custom_padding__hover=&#8221;|||&#8221;][et_pb_text _builder_version=&#8221;4.16&#8243; text_font=&#8221;Roboto||||||||&#8221; text_font_size=&#8221;16px&#8221; text_line_height=&#8221;1.8em&#8221; [&hellip;]<\/p>\n","protected":false},"author":5,"featured_media":0,"parent":9005,"menu_order":0,"comment_status":"closed","ping_status":"closed","template":"","meta":{"_acf_changed":false,"_et_pb_use_builder":"on","_et_pb_old_content":"","_et_gb_content_width":"","footnotes":""},"class_list":["post-9031","page","type-page","status-publish","hentry","cat_czecrin-networking"],"acf":[],"yoast_head":"<!-- This site is optimized with the Yoast SEO plugin v28.3 - https:\/\/yoast.com\/product\/yoast-seo-wordpress\/ -->\n<title>Events &#8226; CZECRIN - \u010cesk\u00e1 n\u00e1rodn\u00ed s\u00ed\u0165 pro podporu klinick\u00e9ho v\u00fdzkumu<\/title>\n<meta name=\"robots\" content=\"index, follow, max-snippet:-1, max-image-preview:large, max-video-preview:-1\" \/>\n<link rel=\"canonical\" href=\"https:\/\/czecrin.cz\/en\/news\/events\/\" \/>\n<meta property=\"og:locale\" content=\"en_US\" \/>\n<meta property=\"og:type\" content=\"article\" \/>\n<meta property=\"og:title\" content=\"Events &#8226; CZECRIN - \u010cesk\u00e1 n\u00e1rodn\u00ed s\u00ed\u0165 pro podporu klinick\u00e9ho v\u00fdzkumu\" \/>\n<meta property=\"og:description\" content=\"[et_pb_section fb_built=&#8221;1&#8243; custom_padding_last_edited=&#8221;on|desktop&#8221; next_background_color=&#8221;#ffffff&#8221; admin_label=&#8221;Header&#8221; _builder_version=&#8221;4.27.4&#8243; background_image=&#8221;https:\/\/czecrin.cz\/wp-content\/uploads\/2026\/01\/Univerzalni-pozadi-scaled.jpg&#8221; background_position=&#8221;top_center&#8221; custom_padding=&#8221;7vw||10vw||false|false&#8221; custom_padding_tablet=&#8221;100px||100px||true&#8221; custom_padding_phone=&#8221;||||true&#8221; bottom_divider_style=&#8221;ramp2&#8243; bottom_divider_height=&#8221;250px&#8221; bottom_divider_flip=&#8221;horizontal&#8221; bottom_divider_height_tablet=&#8221;150px&#8221; bottom_divider_height_phone=&#8221;110px&#8221; bottom_divider_height_last_edited=&#8221;on|phone&#8221; saved_tabs=&#8221;all&#8221; global_colors_info=&#8221;{}&#8221;][et_pb_row _builder_version=&#8221;4.16&#8243; global_colors_info=&#8221;{}&#8221;][et_pb_column type=&#8221;4_4&#8243; _builder_version=&#8221;4.16&#8243; custom_padding=&#8221;|||&#8221; global_colors_info=&#8221;{}&#8221; custom_padding__hover=&#8221;|||&#8221;][et_pb_text _builder_version=&#8221;4.16&#8243; text_font=&#8221;Roboto||||||||&#8221; text_font_size=&#8221;16px&#8221; text_line_height=&#8221;1.8em&#8221; [&hellip;]\" \/>\n<meta property=\"og:url\" content=\"https:\/\/czecrin.cz\/en\/news\/events\/\" \/>\n<meta property=\"og:site_name\" content=\"CZECRIN - \u010cesk\u00e1 n\u00e1rodn\u00ed s\u00ed\u0165 pro podporu klinick\u00e9ho v\u00fdzkumu\" \/>\n<meta property=\"article:publisher\" content=\"https:\/\/www.facebook.com\/czecrin\" \/>\n<meta property=\"article:modified_time\" content=\"2026-08-18T12:15:53+00:00\" \/>\n<meta property=\"og:image\" content=\"https:\/\/czecrin.cz\/wp-content\/uploads\/2025\/02\/czecrin__zakladni-logo-1.png\" \/>\n\t<meta property=\"og:image:width\" content=\"1733\" \/>\n\t<meta property=\"og:image:height\" content=\"952\" \/>\n\t<meta property=\"og:image:type\" content=\"image\/png\" \/>\n<meta name=\"twitter:card\" content=\"summary_large_image\" \/>\n<meta name=\"twitter:label1\" content=\"Est. reading time\" \/>\n\t<meta name=\"twitter:data1\" content=\"10 minutes\" \/>\n<script type=\"application\/ld+json\" class=\"yoast-schema-graph\">{\"@context\":\"https:\\\/\\\/schema.org\",\"@graph\":[{\"@type\":\"WebPage\",\"@id\":\"https:\\\/\\\/czecrin.cz\\\/en\\\/news\\\/events\\\/\",\"url\":\"https:\\\/\\\/czecrin.cz\\\/en\\\/news\\\/events\\\/\",\"name\":\"Events &#8226; CZECRIN - \u010cesk\u00e1 n\u00e1rodn\u00ed s\u00ed\u0165 pro podporu klinick\u00e9ho v\u00fdzkumu\",\"isPartOf\":{\"@id\":\"https:\\\/\\\/czecrin.cz\\\/en\\\/#website\"},\"datePublished\":\"2025-01-03T10:11:43+00:00\",\"dateModified\":\"2026-08-18T12:15:53+00:00\",\"breadcrumb\":{\"@id\":\"https:\\\/\\\/czecrin.cz\\\/en\\\/news\\\/events\\\/#breadcrumb\"},\"inLanguage\":\"en-US\",\"potentialAction\":[{\"@type\":\"ReadAction\",\"target\":[\"https:\\\/\\\/czecrin.cz\\\/en\\\/news\\\/events\\\/\"]}]},{\"@type\":\"BreadcrumbList\",\"@id\":\"https:\\\/\\\/czecrin.cz\\\/en\\\/news\\\/events\\\/#breadcrumb\",\"itemListElement\":[{\"@type\":\"ListItem\",\"position\":1,\"name\":\"Dom\u016f\",\"item\":\"https:\\\/\\\/czecrin.cz\\\/en\\\/\"},{\"@type\":\"ListItem\",\"position\":2,\"name\":\"Updates\",\"item\":\"https:\\\/\\\/czecrin.cz\\\/en\\\/news\\\/\"},{\"@type\":\"ListItem\",\"position\":3,\"name\":\"Events\"}]},{\"@type\":\"WebSite\",\"@id\":\"https:\\\/\\\/czecrin.cz\\\/en\\\/#website\",\"url\":\"https:\\\/\\\/czecrin.cz\\\/en\\\/\",\"name\":\"CZECRIN\",\"description\":\"\u010cesk\u00e1 n\u00e1rodn\u00ed s\u00ed\u0165 pro podporu klinick\u00e9ho v\u00fdzkumu\",\"publisher\":{\"@id\":\"https:\\\/\\\/czecrin.cz\\\/en\\\/#organization\"},\"alternateName\":\"\u010cesk\u00e1 n\u00e1rodn\u00ed s\u00ed\u0165 pro podporu klinick\u00e9ho v\u00fdzkumu\",\"potentialAction\":[{\"@type\":\"SearchAction\",\"target\":{\"@type\":\"EntryPoint\",\"urlTemplate\":\"https:\\\/\\\/czecrin.cz\\\/en\\\/?s={search_term_string}\"},\"query-input\":{\"@type\":\"PropertyValueSpecification\",\"valueRequired\":true,\"valueName\":\"search_term_string\"}}],\"inLanguage\":\"en-US\"},{\"@type\":\"Organization\",\"@id\":\"https:\\\/\\\/czecrin.cz\\\/en\\\/#organization\",\"name\":\"VVI CZECRIN\",\"alternateName\":\"\u010cesk\u00e1 n\u00e1rodn\u00ed s\u00ed\u0165 pro podporu klinick\u00e9ho v\u00fdzkumu\",\"url\":\"https:\\\/\\\/czecrin.cz\\\/en\\\/\",\"logo\":{\"@type\":\"ImageObject\",\"inLanguage\":\"en-US\",\"@id\":\"https:\\\/\\\/czecrin.cz\\\/en\\\/#\\\/schema\\\/logo\\\/image\\\/\",\"url\":\"https:\\\/\\\/czecrin.cz\\\/wp-content\\\/uploads\\\/2025\\\/02\\\/czecrin__zakladni-logo-1.png\",\"contentUrl\":\"https:\\\/\\\/czecrin.cz\\\/wp-content\\\/uploads\\\/2025\\\/02\\\/czecrin__zakladni-logo-1.png\",\"width\":1733,\"height\":952,\"caption\":\"VVI CZECRIN\"},\"image\":{\"@id\":\"https:\\\/\\\/czecrin.cz\\\/en\\\/#\\\/schema\\\/logo\\\/image\\\/\"},\"sameAs\":[\"https:\\\/\\\/www.facebook.com\\\/czecrin\",\"https:\\\/\\\/www.linkedin.com\\\/company\\\/czecrin\\\/\"]}]}<\/script>\n<!-- \/ Yoast SEO plugin. -->","yoast_head_json":{"title":"Events &#8226; CZECRIN - \u010cesk\u00e1 n\u00e1rodn\u00ed s\u00ed\u0165 pro podporu klinick\u00e9ho v\u00fdzkumu","robots":{"index":"index","follow":"follow","max-snippet":"max-snippet:-1","max-image-preview":"max-image-preview:large","max-video-preview":"max-video-preview:-1"},"canonical":"https:\/\/czecrin.cz\/en\/news\/events\/","og_locale":"en_US","og_type":"article","og_title":"Events &#8226; CZECRIN - \u010cesk\u00e1 n\u00e1rodn\u00ed s\u00ed\u0165 pro podporu klinick\u00e9ho v\u00fdzkumu","og_description":"[et_pb_section fb_built=&#8221;1&#8243; custom_padding_last_edited=&#8221;on|desktop&#8221; next_background_color=&#8221;#ffffff&#8221; admin_label=&#8221;Header&#8221; _builder_version=&#8221;4.27.4&#8243; background_image=&#8221;https:\/\/czecrin.cz\/wp-content\/uploads\/2026\/01\/Univerzalni-pozadi-scaled.jpg&#8221; background_position=&#8221;top_center&#8221; custom_padding=&#8221;7vw||10vw||false|false&#8221; custom_padding_tablet=&#8221;100px||100px||true&#8221; custom_padding_phone=&#8221;||||true&#8221; bottom_divider_style=&#8221;ramp2&#8243; bottom_divider_height=&#8221;250px&#8221; bottom_divider_flip=&#8221;horizontal&#8221; bottom_divider_height_tablet=&#8221;150px&#8221; bottom_divider_height_phone=&#8221;110px&#8221; bottom_divider_height_last_edited=&#8221;on|phone&#8221; saved_tabs=&#8221;all&#8221; global_colors_info=&#8221;{}&#8221;][et_pb_row _builder_version=&#8221;4.16&#8243; global_colors_info=&#8221;{}&#8221;][et_pb_column type=&#8221;4_4&#8243; _builder_version=&#8221;4.16&#8243; custom_padding=&#8221;|||&#8221; global_colors_info=&#8221;{}&#8221; custom_padding__hover=&#8221;|||&#8221;][et_pb_text _builder_version=&#8221;4.16&#8243; text_font=&#8221;Roboto||||||||&#8221; text_font_size=&#8221;16px&#8221; text_line_height=&#8221;1.8em&#8221; [&hellip;]","og_url":"https:\/\/czecrin.cz\/en\/news\/events\/","og_site_name":"CZECRIN - \u010cesk\u00e1 n\u00e1rodn\u00ed s\u00ed\u0165 pro podporu klinick\u00e9ho v\u00fdzkumu","article_publisher":"https:\/\/www.facebook.com\/czecrin","article_modified_time":"2026-08-18T12:15:53+00:00","og_image":[{"width":1733,"height":952,"url":"https:\/\/czecrin.cz\/wp-content\/uploads\/2025\/02\/czecrin__zakladni-logo-1.png","type":"image\/png"}],"twitter_card":"summary_large_image","twitter_misc":{"Est. reading time":"10 minutes"},"schema":{"@context":"https:\/\/schema.org","@graph":[{"@type":"WebPage","@id":"https:\/\/czecrin.cz\/en\/news\/events\/","url":"https:\/\/czecrin.cz\/en\/news\/events\/","name":"Events &#8226; CZECRIN - \u010cesk\u00e1 n\u00e1rodn\u00ed s\u00ed\u0165 pro podporu klinick\u00e9ho v\u00fdzkumu","isPartOf":{"@id":"https:\/\/czecrin.cz\/en\/#website"},"datePublished":"2025-01-03T10:11:43+00:00","dateModified":"2026-08-18T12:15:53+00:00","breadcrumb":{"@id":"https:\/\/czecrin.cz\/en\/news\/events\/#breadcrumb"},"inLanguage":"en-US","potentialAction":[{"@type":"ReadAction","target":["https:\/\/czecrin.cz\/en\/news\/events\/"]}]},{"@type":"BreadcrumbList","@id":"https:\/\/czecrin.cz\/en\/news\/events\/#breadcrumb","itemListElement":[{"@type":"ListItem","position":1,"name":"Dom\u016f","item":"https:\/\/czecrin.cz\/en\/"},{"@type":"ListItem","position":2,"name":"Updates","item":"https:\/\/czecrin.cz\/en\/news\/"},{"@type":"ListItem","position":3,"name":"Events"}]},{"@type":"WebSite","@id":"https:\/\/czecrin.cz\/en\/#website","url":"https:\/\/czecrin.cz\/en\/","name":"CZECRIN","description":"\u010cesk\u00e1 n\u00e1rodn\u00ed s\u00ed\u0165 pro podporu klinick\u00e9ho v\u00fdzkumu","publisher":{"@id":"https:\/\/czecrin.cz\/en\/#organization"},"alternateName":"\u010cesk\u00e1 n\u00e1rodn\u00ed s\u00ed\u0165 pro podporu klinick\u00e9ho v\u00fdzkumu","potentialAction":[{"@type":"SearchAction","target":{"@type":"EntryPoint","urlTemplate":"https:\/\/czecrin.cz\/en\/?s={search_term_string}"},"query-input":{"@type":"PropertyValueSpecification","valueRequired":true,"valueName":"search_term_string"}}],"inLanguage":"en-US"},{"@type":"Organization","@id":"https:\/\/czecrin.cz\/en\/#organization","name":"VVI CZECRIN","alternateName":"\u010cesk\u00e1 n\u00e1rodn\u00ed s\u00ed\u0165 pro podporu klinick\u00e9ho v\u00fdzkumu","url":"https:\/\/czecrin.cz\/en\/","logo":{"@type":"ImageObject","inLanguage":"en-US","@id":"https:\/\/czecrin.cz\/en\/#\/schema\/logo\/image\/","url":"https:\/\/czecrin.cz\/wp-content\/uploads\/2025\/02\/czecrin__zakladni-logo-1.png","contentUrl":"https:\/\/czecrin.cz\/wp-content\/uploads\/2025\/02\/czecrin__zakladni-logo-1.png","width":1733,"height":952,"caption":"VVI CZECRIN"},"image":{"@id":"https:\/\/czecrin.cz\/en\/#\/schema\/logo\/image\/"},"sameAs":["https:\/\/www.facebook.com\/czecrin","https:\/\/www.linkedin.com\/company\/czecrin\/"]}]}},"_links":{"self":[{"href":"https:\/\/czecrin.cz\/en\/wp-json\/wp\/v2\/pages\/9031","targetHints":{"allow":["GET"]}}],"collection":[{"href":"https:\/\/czecrin.cz\/en\/wp-json\/wp\/v2\/pages"}],"about":[{"href":"https:\/\/czecrin.cz\/en\/wp-json\/wp\/v2\/types\/page"}],"author":[{"embeddable":true,"href":"https:\/\/czecrin.cz\/en\/wp-json\/wp\/v2\/users\/5"}],"replies":[{"embeddable":true,"href":"https:\/\/czecrin.cz\/en\/wp-json\/wp\/v2\/comments?post=9031"}],"version-history":[{"count":27,"href":"https:\/\/czecrin.cz\/en\/wp-json\/wp\/v2\/pages\/9031\/revisions"}],"predecessor-version":[{"id":13343,"href":"https:\/\/czecrin.cz\/en\/wp-json\/wp\/v2\/pages\/9031\/revisions\/13343"}],"up":[{"embeddable":true,"href":"https:\/\/czecrin.cz\/en\/wp-json\/wp\/v2\/pages\/9005"}],"wp:attachment":[{"href":"https:\/\/czecrin.cz\/en\/wp-json\/wp\/v2\/media?parent=9031"}],"curies":[{"name":"wp","href":"https:\/\/api.w.org\/{rel}","templated":true}]}}